{"id":3143,"date":"2022-08-08T23:29:59","date_gmt":"2022-08-08T21:29:59","guid":{"rendered":"http:\/\/dev.brazilianculture.art\/home\/"},"modified":"2024-03-08T23:51:48","modified_gmt":"2024-03-08T22:51:48","slug":"brasilianculture-art","status":"publish","type":"page","link":"https:\/\/brazilianculture.art\/de\/","title":{"rendered":"Home"},"content":{"rendered":"<p><div class=\"fusion-fullwidth fullwidth-box fusion-builder-row-1 fusion-flex-container nonhundred-percent-fullwidth non-hundred-percent-height-scrolling\" style=\"--awb-border-radius-top-left:0px;--awb-border-radius-top-right:0px;--awb-border-radius-bottom-right:0px;--awb-border-radius-bottom-left:0px;--awb-flex-wrap:wrap;\" ><div class=\"fusion-builder-row fusion-row fusion-flex-align-items-flex-start fusion-flex-content-wrap\" style=\"max-width:1331.2px;margin-left: calc(-4% \/ 2 );margin-right: calc(-4% \/ 2 );\"><div class=\"fusion-layout-column fusion_builder_column fusion-builder-column-0 fusion_builder_column_1_1 1_1 fusion-flex-column fusion-flex-align-self-flex-start fusion-column-no-min-height\" style=\"--awb-bg-blend:overlay;--awb-bg-size:cover;--awb-width-large:100%;--awb-margin-top-large:20px;--awb-spacing-right-large:1.92%;--awb-margin-bottom-large:0px;--awb-spacing-left-large:1.92%;--awb-width-medium:100%;--awb-spacing-right-medium:1.92%;--awb-spacing-left-medium:1.92%;--awb-width-small:100%;--awb-spacing-right-small:1.92%;--awb-spacing-left-small:1.92%;\"><div class=\"fusion-column-wrapper fusion-column-has-shadow fusion-flex-justify-content-flex-start fusion-content-layout-column\"><div class=\"fusion-text fusion-text-1\" style=\"--awb-text-transform:none;\"><h2 style=\"text-align: center;\">Schau dir unsere neuesten Beitr\u00e4ge an<\/h2>\n<\/div><\/div><\/div><div class=\"fusion-layout-column fusion_builder_column fusion-builder-column-1 fusion_builder_column_1_1 1_1 fusion-flex-column\" style=\"--awb-bg-size:cover;--awb-width-large:100%;--awb-margin-top-large:20px;--awb-spacing-right-large:1.92%;--awb-margin-bottom-large:20px;--awb-spacing-left-large:1.92%;--awb-width-medium:100%;--awb-order-medium:0;--awb-spacing-right-medium:1.92%;--awb-spacing-left-medium:1.92%;--awb-width-small:100%;--awb-order-small:0;--awb-spacing-right-small:1.92%;--awb-spacing-left-small:1.92%;\"><div class=\"fusion-column-wrapper fusion-column-has-shadow fusion-flex-justify-content-flex-start fusion-content-layout-column\"><div class=\"fusion-recent-posts fusion-recent-posts-1 avada-container layout-default layout-columns-3\"><section class=\"fusion-columns columns fusion-columns-3 columns-3\"><article class=\"post fusion-column column col col-lg-4 col-md-4 col-sm-4\"><div class=\"fusion-flexslider fusion-flexslider-loading flexslider flexslider-hover-type-none\"><ul class=\"slides\"><li><a href=\"https:\/\/brazilianculture.art\/de\/reiseplan-fuer-ouro-preto\/\" aria-label=\"Dreit\u00e4giges Programm f\u00fcr Reisen in Ouro Preto\" class=\"hover-type-none\"><img decoding=\"async\" width=\"700\" height=\"441\" src=\"https:\/\/brazilianculture.art\/wp-content\/uploads\/2026\/04\/pexels-bruno-cardoso-2147854904-29794803-700x441.jpg\" class=\"attachment-recent-posts size-recent-posts lazyload\" alt=\"\" srcset=\"data:image\/svg+xml,%3Csvg%20xmlns%3D%27http%3A%2F%2Fwww.w3.org%2F2000%2Fsvg%27%20width%3D%272048%27%20height%3D%272560%27%20viewBox%3D%270%200%202048%202560%27%3E%3Crect%20width%3D%272048%27%20height%3D%272560%27%20fill-opacity%3D%220%22%2F%3E%3C%2Fsvg%3E\" data-orig-src=\"https:\/\/brazilianculture.art\/wp-content\/uploads\/2026\/04\/pexels-bruno-cardoso-2147854904-29794803-700x441.jpg\" data-srcset=\"https:\/\/brazilianculture.art\/wp-content\/uploads\/2026\/04\/pexels-bruno-cardoso-2147854904-29794803-320x202.jpg 320w, https:\/\/brazilianculture.art\/wp-content\/uploads\/2026\/04\/pexels-bruno-cardoso-2147854904-29794803-700x441.jpg 700w\" data-sizes=\"auto\" \/><\/a><\/li><\/ul><\/div><div class=\"recent-posts-content\"><span class=\"vcard\" style=\"display: none;\"><span class=\"fn\"><a href=\"https:\/\/brazilianculture.art\/de\/author\/julee\/\" title=\"Beitr\u00e4ge von Julee Rom\u00e3o Silva\" rel=\"author\">Julee Rom\u00e3o Silva<\/a><\/span><\/span><span class=\"updated\" style=\"display:none;\">2026-04-22T12:58:36+02:00<\/span><h4 class=\"entry-title\"><a href=\"https:\/\/brazilianculture.art\/de\/reiseplan-fuer-ouro-preto\/\">Dreit\u00e4giges Programm f\u00fcr Reisen in Ouro Preto<\/a><\/h4><p class=\"meta\"><span class=\"vcard\" style=\"display: none;\"><span class=\"fn\"><a href=\"https:\/\/brazilianculture.art\/de\/author\/julee\/\" title=\"Beitr\u00e4ge von Julee Rom\u00e3o Silva\" rel=\"author\">Julee Rom\u00e3o Silva<\/a><\/span><\/span><span class=\"updated\" style=\"display:none;\">2026-04-22T12:58:36+02:00<\/span><span>April 22nd, 2026<\/span><span class=\"fusion-inline-sep\">|<\/span><span class=\"fusion-comments\"><a href=\"https:\/\/brazilianculture.art\/de\/reiseplan-fuer-ouro-preto\/#respond\">0 Comments<\/a><\/span><\/p><p> Inhaltsverzeichnis      Ouro Preto im Bundesstaat Minas Gerais z\u00e4hlt zu den bedeutendsten Reisezielen Brasiliens, wenn es um Geschichte, Architektur und Kultur geht. Mit seinen gepflasterten Stra\u00dfen, barocken Kirchen und bergigen<\/p><\/div><\/article><article class=\"post fusion-column column col col-lg-4 col-md-4 col-sm-4\"><div class=\"fusion-flexslider fusion-flexslider-loading flexslider flexslider-hover-type-none\"><ul class=\"slides\"><li><a href=\"https:\/\/brazilianculture.art\/de\/12-gerichte-aus-minas-gerais\/\" aria-label=\"12 Gerichte aus Minas Gerais, die Sie in 6 St\u00e4dten probieren sollten\" class=\"hover-type-none\"><img decoding=\"async\" width=\"700\" height=\"441\" src=\"https:\/\/brazilianculture.art\/wp-content\/uploads\/2026\/04\/tasty-brazilian-dish-with-orange-top-view-700x441.jpg\" class=\"attachment-recent-posts size-recent-posts lazyload\" alt=\"\" srcset=\"data:image\/svg+xml,%3Csvg%20xmlns%3D%27http%3A%2F%2Fwww.w3.org%2F2000%2Fsvg%27%20width%3D%272560%27%20height%3D%272406%27%20viewBox%3D%270%200%202560%202406%27%3E%3Crect%20width%3D%272560%27%20height%3D%272406%27%20fill-opacity%3D%220%22%2F%3E%3C%2Fsvg%3E\" data-orig-src=\"https:\/\/brazilianculture.art\/wp-content\/uploads\/2026\/04\/tasty-brazilian-dish-with-orange-top-view-700x441.jpg\" data-srcset=\"https:\/\/brazilianculture.art\/wp-content\/uploads\/2026\/04\/tasty-brazilian-dish-with-orange-top-view-320x202.jpg 320w, https:\/\/brazilianculture.art\/wp-content\/uploads\/2026\/04\/tasty-brazilian-dish-with-orange-top-view-700x441.jpg 700w\" data-sizes=\"auto\" \/><\/a><\/li><\/ul><\/div><div class=\"recent-posts-content\"><span class=\"vcard\" style=\"display: none;\"><span class=\"fn\"><a href=\"https:\/\/brazilianculture.art\/de\/author\/julee\/\" title=\"Beitr\u00e4ge von Julee Rom\u00e3o Silva\" rel=\"author\">Julee Rom\u00e3o Silva<\/a><\/span><\/span><span class=\"updated\" style=\"display:none;\">2026-04-22T12:28:45+02:00<\/span><h4 class=\"entry-title\"><a href=\"https:\/\/brazilianculture.art\/de\/12-gerichte-aus-minas-gerais\/\">12 Gerichte aus Minas Gerais, die Sie in 6 St\u00e4dten probieren sollten<\/a><\/h4><p class=\"meta\"><span class=\"vcard\" style=\"display: none;\"><span class=\"fn\"><a href=\"https:\/\/brazilianculture.art\/de\/author\/julee\/\" title=\"Beitr\u00e4ge von Julee Rom\u00e3o Silva\" rel=\"author\">Julee Rom\u00e3o Silva<\/a><\/span><\/span><span class=\"updated\" style=\"display:none;\">2026-04-22T12:28:45+02:00<\/span><span>April 17th, 2026<\/span><span class=\"fusion-inline-sep\">|<\/span><span class=\"fusion-comments\"><a href=\"https:\/\/brazilianculture.art\/de\/12-gerichte-aus-minas-gerais\/#respond\">0 Comments<\/a><\/span><\/p><p> Inhaltsverzeichnis   Minas Gerais ist stets eine Referenz, wenn es um kulinarischen Tourismus geht.. In vielen Reisezielen beschr\u00e4nkt sich das Erlebnis nicht auf Kirchen, Berge oder historische Zentren: Es f\u00fchrt direkt zum Tisch,<\/p><\/div><\/article><article class=\"post fusion-column column col col-lg-4 col-md-4 col-sm-4\"><div class=\"fusion-flexslider fusion-flexslider-loading flexslider flexslider-hover-type-none\"><ul class=\"slides\"><li><a href=\"https:\/\/brazilianculture.art\/de\/fernanda-torres\/\" aria-label=\"Fernanda Torres? Vollst\u00e4ndig ausgezeichnet\" class=\"hover-type-none\"><img decoding=\"async\" width=\"594\" height=\"396\" src=\"https:\/\/brazilianculture.art\/wp-content\/uploads\/2025\/02\/gettyimages-2192040422-594x594-1.jpg\" class=\"attachment-recent-posts size-recent-posts lazyload\" alt=\"\" srcset=\"data:image\/svg+xml,%3Csvg%20xmlns%3D%27http%3A%2F%2Fwww.w3.org%2F2000%2Fsvg%27%20width%3D%27594%27%20height%3D%27396%27%20viewBox%3D%270%200%20594%20396%27%3E%3Crect%20width%3D%27594%27%20height%3D%27396%27%20fill-opacity%3D%220%22%2F%3E%3C%2Fsvg%3E\" data-orig-src=\"https:\/\/brazilianculture.art\/wp-content\/uploads\/2025\/02\/gettyimages-2192040422-594x594-1.jpg\" data-srcset=\"https:\/\/brazilianculture.art\/wp-content\/uploads\/2025\/02\/gettyimages-2192040422-594x594-1-200x133.jpg 200w, https:\/\/brazilianculture.art\/wp-content\/uploads\/2025\/02\/gettyimages-2192040422-594x594-1-300x200.jpg 300w, https:\/\/brazilianculture.art\/wp-content\/uploads\/2025\/02\/gettyimages-2192040422-594x594-1-400x267.jpg 400w, https:\/\/brazilianculture.art\/wp-content\/uploads\/2025\/02\/gettyimages-2192040422-594x594-1.jpg 594w\" data-sizes=\"auto\" \/><\/a><\/li><\/ul><\/div><div class=\"recent-posts-content\"><span class=\"vcard\" style=\"display: none;\"><span class=\"fn\"><a href=\"https:\/\/brazilianculture.art\/de\/author\/admin_mariana\/\" title=\"Beitr\u00e4ge von Mariana Rom\u00e3o\" rel=\"author\">Mariana Rom\u00e3o<\/a><\/span><\/span><span class=\"updated\" style=\"display:none;\">2025-02-23T19:13:10+01:00<\/span><h4 class=\"entry-title\"><a href=\"https:\/\/brazilianculture.art\/de\/fernanda-torres\/\">Fernanda Torres? Vollst\u00e4ndig ausgezeichnet<\/a><\/h4><p class=\"meta\"><span class=\"vcard\" style=\"display: none;\"><span class=\"fn\"><a href=\"https:\/\/brazilianculture.art\/de\/author\/admin_mariana\/\" title=\"Beitr\u00e4ge von Mariana Rom\u00e3o\" rel=\"author\">Mariana Rom\u00e3o<\/a><\/span><\/span><span class=\"updated\" style=\"display:none;\">2025-02-23T19:13:10+01:00<\/span><span>Februar 23rd, 2025<\/span><span class=\"fusion-inline-sep\">|<\/span><span class=\"fusion-comments\"><span>Kommentare deaktiviert<span class=\"screen-reader-text\"> f\u00fcr Fernanda Torres? Vollst\u00e4ndig ausgezeichnet<\/span><\/span><\/span><\/p><p> Inhaltsverzeichnis   Fernanda Torres ist ein Name, der im brasilianischen Kunstkreis mit Talent und Vielseitigkeit widerhallt. Mit einer robusten Karriere sowohl im Fernsehen als auch im Kino hat Torres jede Rolle in eine<\/p><\/div><\/article><article class=\"post fusion-column column col col-lg-4 col-md-4 col-sm-4\"><div class=\"fusion-flexslider fusion-flexslider-loading flexslider flexslider-hover-type-none\"><ul class=\"slides\"><li><a href=\"https:\/\/brazilianculture.art\/de\/nordkueste-von-sao-paulo-versteckte-paradiese\/\" aria-label=\"Nordk\u00fcste von S\u00e3o Paulo: Versteckte Paradiese\" class=\"hover-type-none\"><img decoding=\"async\" width=\"700\" height=\"441\" src=\"https:\/\/brazilianculture.art\/wp-content\/uploads\/2024\/11\/temporada-de-navios-de-cruzeiro-escalas-ilhabela-2023-2024.jpg-700x441.webp\" class=\"attachment-recent-posts size-recent-posts lazyload\" alt=\"\" srcset=\"data:image\/svg+xml,%3Csvg%20xmlns%3D%27http%3A%2F%2Fwww.w3.org%2F2000%2Fsvg%27%20width%3D%27960%27%20height%3D%27540%27%20viewBox%3D%270%200%20960%20540%27%3E%3Crect%20width%3D%27960%27%20height%3D%27540%27%20fill-opacity%3D%220%22%2F%3E%3C%2Fsvg%3E\" data-orig-src=\"https:\/\/brazilianculture.art\/wp-content\/uploads\/2024\/11\/temporada-de-navios-de-cruzeiro-escalas-ilhabela-2023-2024.jpg-700x441.webp\" data-srcset=\"https:\/\/brazilianculture.art\/wp-content\/uploads\/2024\/11\/temporada-de-navios-de-cruzeiro-escalas-ilhabela-2023-2024.jpg-320x202.webp 320w, https:\/\/brazilianculture.art\/wp-content\/uploads\/2024\/11\/temporada-de-navios-de-cruzeiro-escalas-ilhabela-2023-2024.jpg-700x441.webp 700w\" data-sizes=\"auto\" \/><\/a><\/li><\/ul><\/div><div class=\"recent-posts-content\"><span class=\"vcard\" style=\"display: none;\"><span class=\"fn\"><a href=\"https:\/\/brazilianculture.art\/de\/author\/julee\/\" title=\"Beitr\u00e4ge von Julee Rom\u00e3o Silva\" rel=\"author\">Julee Rom\u00e3o Silva<\/a><\/span><\/span><span class=\"updated\" style=\"display:none;\">2025-04-14T16:02:29+02:00<\/span><h4 class=\"entry-title\"><a href=\"https:\/\/brazilianculture.art\/de\/nordkueste-von-sao-paulo-versteckte-paradiese\/\">Nordk\u00fcste von S\u00e3o Paulo: Versteckte Paradiese<\/a><\/h4><p class=\"meta\"><span class=\"vcard\" style=\"display: none;\"><span class=\"fn\"><a href=\"https:\/\/brazilianculture.art\/de\/author\/julee\/\" title=\"Beitr\u00e4ge von Julee Rom\u00e3o Silva\" rel=\"author\">Julee Rom\u00e3o Silva<\/a><\/span><\/span><span class=\"updated\" style=\"display:none;\">2025-04-14T16:02:29+02:00<\/span><span>Februar 23rd, 2025<\/span><span class=\"fusion-inline-sep\">|<\/span><span class=\"fusion-comments\"><span>Kommentare deaktiviert<span class=\"screen-reader-text\"> f\u00fcr Nordk\u00fcste von S\u00e3o Paulo: Versteckte Paradiese<\/span><\/span><\/span><\/p><p> Inhaltsverzeichnis   Die Nordk\u00fcste von S\u00e3o Paulo ist ein K\u00fcstenstreifen, der sich von der Stadt Bertioga bis zur Grenze zu Rio de Janeiro erstreckt und auch die St\u00e4dte S\u00e3o Sebasti\u00e3o, Caraguatatuba und Ubatuba<\/p><\/div><\/article><article class=\"post fusion-column column col col-lg-4 col-md-4 col-sm-4\"><div class=\"fusion-flexslider fusion-flexslider-loading flexslider flexslider-hover-type-none\"><ul class=\"slides\"><li><a href=\"https:\/\/brazilianculture.art\/de\/farofa\/\" aria-label=\"Farofa: Wie ein einfaches Gericht Brasilien eroberte\" class=\"hover-type-none\"><img decoding=\"async\" width=\"700\" height=\"441\" src=\"https:\/\/brazilianculture.art\/wp-content\/uploads\/2024\/07\/brazilian-farofa-traditional-dish-brazil-cuisine-made-with-manioc-flour-widely-used-festivities-christmas-selective-focus-700x441.jpg\" class=\"attachment-recent-posts size-recent-posts lazyload\" alt=\"\" srcset=\"data:image\/svg+xml,%3Csvg%20xmlns%3D%27http%3A%2F%2Fwww.w3.org%2F2000%2Fsvg%27%20width%3D%272560%27%20height%3D%271707%27%20viewBox%3D%270%200%202560%201707%27%3E%3Crect%20width%3D%272560%27%20height%3D%271707%27%20fill-opacity%3D%220%22%2F%3E%3C%2Fsvg%3E\" data-orig-src=\"https:\/\/brazilianculture.art\/wp-content\/uploads\/2024\/07\/brazilian-farofa-traditional-dish-brazil-cuisine-made-with-manioc-flour-widely-used-festivities-christmas-selective-focus-700x441.jpg\" data-srcset=\"https:\/\/brazilianculture.art\/wp-content\/uploads\/2024\/07\/brazilian-farofa-traditional-dish-brazil-cuisine-made-with-manioc-flour-widely-used-festivities-christmas-selective-focus-320x202.jpg 320w, https:\/\/brazilianculture.art\/wp-content\/uploads\/2024\/07\/brazilian-farofa-traditional-dish-brazil-cuisine-made-with-manioc-flour-widely-used-festivities-christmas-selective-focus-700x441.jpg 700w\" data-sizes=\"auto\" \/><\/a><\/li><\/ul><\/div><div class=\"recent-posts-content\"><span class=\"vcard\" style=\"display: none;\"><span class=\"fn\"><a href=\"https:\/\/brazilianculture.art\/de\/author\/admin_mariana\/\" title=\"Beitr\u00e4ge von Mariana Rom\u00e3o\" rel=\"author\">Mariana Rom\u00e3o<\/a><\/span><\/span><span class=\"updated\" style=\"display:none;\">2024-08-26T12:46:54+02:00<\/span><h4 class=\"entry-title\"><a href=\"https:\/\/brazilianculture.art\/de\/farofa\/\">Farofa: Wie ein einfaches Gericht Brasilien eroberte<\/a><\/h4><p class=\"meta\"><span class=\"vcard\" style=\"display: none;\"><span class=\"fn\"><a href=\"https:\/\/brazilianculture.art\/de\/author\/admin_mariana\/\" title=\"Beitr\u00e4ge von Mariana Rom\u00e3o\" rel=\"author\">Mariana Rom\u00e3o<\/a><\/span><\/span><span class=\"updated\" style=\"display:none;\">2024-08-26T12:46:54+02:00<\/span><span>August 26th, 2024<\/span><span class=\"fusion-inline-sep\">|<\/span><span class=\"fusion-comments\"><span>Kommentare deaktiviert<span class=\"screen-reader-text\"> f\u00fcr Farofa: Wie ein einfaches Gericht Brasilien eroberte<\/span><\/span><\/span><\/p><p> Inhaltsverzeichnis   Die brasilianische K\u00fcche ist bekannt f\u00fcr ihre Vielfalt und ihren Reichtum an Aromen, die das Ergebnis einer Verschmelzung verschiedener kultureller Einfl\u00fcsse im Laufe der Jahrhunderte sind. Unter den typischen Gerichten, die<\/p><\/div><\/article><article class=\"post fusion-column column col col-lg-4 col-md-4 col-sm-4\"><div class=\"fusion-flexslider fusion-flexslider-loading flexslider flexslider-hover-type-none\"><ul class=\"slides\"><li><a href=\"https:\/\/brazilianculture.art\/de\/sao-paulo-pride-parade\/\" aria-label=\"S\u00e3o Paulo Pride Parade: Eine Feier der Widerstandsf\u00e4higkeit, Vielfalt und Inklusion\" class=\"hover-type-none\"><img decoding=\"async\" width=\"661\" height=\"441\" src=\"https:\/\/brazilianculture.art\/wp-content\/uploads\/2024\/06\/assisi-italy-april-24-2022-march-peace-against-all-war-that-starts-from-perugia-arrives-assisi-700x467.jpg\" class=\"attachment-recent-posts size-recent-posts lazyload\" alt=\"\" srcset=\"data:image\/svg+xml,%3Csvg%20xmlns%3D%27http%3A%2F%2Fwww.w3.org%2F2000%2Fsvg%27%20width%3D%272560%27%20height%3D%271708%27%20viewBox%3D%270%200%202560%201708%27%3E%3Crect%20width%3D%272560%27%20height%3D%271708%27%20fill-opacity%3D%220%22%2F%3E%3C%2Fsvg%3E\" data-orig-src=\"https:\/\/brazilianculture.art\/wp-content\/uploads\/2024\/06\/assisi-italy-april-24-2022-march-peace-against-all-war-that-starts-from-perugia-arrives-assisi-700x467.jpg\" data-srcset=\"https:\/\/brazilianculture.art\/wp-content\/uploads\/2024\/06\/assisi-italy-april-24-2022-march-peace-against-all-war-that-starts-from-perugia-arrives-assisi-66x44.jpg 66w, https:\/\/brazilianculture.art\/wp-content\/uploads\/2024\/06\/assisi-italy-april-24-2022-march-peace-against-all-war-that-starts-from-perugia-arrives-assisi-200x133.jpg 200w, https:\/\/brazilianculture.art\/wp-content\/uploads\/2024\/06\/assisi-italy-april-24-2022-march-peace-against-all-war-that-starts-from-perugia-arrives-assisi-300x200.jpg 300w, https:\/\/brazilianculture.art\/wp-content\/uploads\/2024\/06\/assisi-italy-april-24-2022-march-peace-against-all-war-that-starts-from-perugia-arrives-assisi-320x214.jpg 320w, https:\/\/brazilianculture.art\/wp-content\/uploads\/2024\/06\/assisi-italy-april-24-2022-march-peace-against-all-war-that-starts-from-perugia-arrives-assisi-400x267.jpg 400w, https:\/\/brazilianculture.art\/wp-content\/uploads\/2024\/06\/assisi-italy-april-24-2022-march-peace-against-all-war-that-starts-from-perugia-arrives-assisi-600x400.jpg 600w, https:\/\/brazilianculture.art\/wp-content\/uploads\/2024\/06\/assisi-italy-april-24-2022-march-peace-against-all-war-that-starts-from-perugia-arrives-assisi-669x446.jpg 669w, https:\/\/brazilianculture.art\/wp-content\/uploads\/2024\/06\/assisi-italy-april-24-2022-march-peace-against-all-war-that-starts-from-perugia-arrives-assisi-700x467.jpg 700w, https:\/\/brazilianculture.art\/wp-content\/uploads\/2024\/06\/assisi-italy-april-24-2022-march-peace-against-all-war-that-starts-from-perugia-arrives-assisi-768x513.jpg 768w, https:\/\/brazilianculture.art\/wp-content\/uploads\/2024\/06\/assisi-italy-april-24-2022-march-peace-against-all-war-that-starts-from-perugia-arrives-assisi-800x534.jpg 800w, https:\/\/brazilianculture.art\/wp-content\/uploads\/2024\/06\/assisi-italy-april-24-2022-march-peace-against-all-war-that-starts-from-perugia-arrives-assisi-1024x683.jpg 1024w, https:\/\/brazilianculture.art\/wp-content\/uploads\/2024\/06\/assisi-italy-april-24-2022-march-peace-against-all-war-that-starts-from-perugia-arrives-assisi-1200x801.jpg 1200w, https:\/\/brazilianculture.art\/wp-content\/uploads\/2024\/06\/assisi-italy-april-24-2022-march-peace-against-all-war-that-starts-from-perugia-arrives-assisi-1536x1025.jpg 1536w\" data-sizes=\"auto\" \/><\/a><\/li><\/ul><\/div><div class=\"recent-posts-content\"><span class=\"vcard\" style=\"display: none;\"><span class=\"fn\"><a href=\"https:\/\/brazilianculture.art\/de\/author\/admin_mariana\/\" title=\"Beitr\u00e4ge von Mariana Rom\u00e3o\" rel=\"author\">Mariana Rom\u00e3o<\/a><\/span><\/span><span class=\"updated\" style=\"display:none;\">2024-06-29T13:32:38+02:00<\/span><h4 class=\"entry-title\"><a href=\"https:\/\/brazilianculture.art\/de\/sao-paulo-pride-parade\/\">S\u00e3o Paulo Pride Parade: Eine Feier der Widerstandsf\u00e4higkeit, Vielfalt und Inklusion<\/a><\/h4><p class=\"meta\"><span class=\"vcard\" style=\"display: none;\"><span class=\"fn\"><a href=\"https:\/\/brazilianculture.art\/de\/author\/admin_mariana\/\" title=\"Beitr\u00e4ge von Mariana Rom\u00e3o\" rel=\"author\">Mariana Rom\u00e3o<\/a><\/span><\/span><span class=\"updated\" style=\"display:none;\">2024-06-29T13:32:38+02:00<\/span><span>Juni 29th, 2024<\/span><span class=\"fusion-inline-sep\">|<\/span><span class=\"fusion-comments\"><span>Kommentare deaktiviert<span class=\"screen-reader-text\"> f\u00fcr S\u00e3o Paulo Pride Parade: Eine Feier der Widerstandsf\u00e4higkeit, Vielfalt und Inklusion<\/span><\/span><\/span><\/p><p> Inhaltsverzeichnis   Die S\u00e3o Paulo Pride Parade ist ein emblematisches Ereignis, das im Laufe der Jahre eine entscheidende Rolle im Kampf um Rechte und Sichtbarkeit der LGBTQIAPN+ Gemeinschaft gespielt hat. Mit tiefen Wurzeln<\/p><\/div><\/article><\/section><\/div><\/div><\/div><div class=\"fusion-layout-column fusion_builder_column fusion-builder-column-2 fusion_builder_column_1_1 1_1 fusion-flex-column\" style=\"--awb-bg-size:cover;--awb-width-large:100%;--awb-margin-top-large:20px;--awb-spacing-right-large:1.92%;--awb-margin-bottom-large:20px;--awb-spacing-left-large:1.92%;--awb-width-medium:100%;--awb-order-medium:0;--awb-spacing-right-medium:1.92%;--awb-spacing-left-medium:1.92%;--awb-width-small:100%;--awb-order-small:0;--awb-spacing-right-small:1.92%;--awb-spacing-left-small:1.92%;\"><div class=\"fusion-column-wrapper fusion-column-has-shadow fusion-flex-justify-content-flex-start fusion-content-layout-column\"><\/div><\/div><\/div><\/div><div class=\"fusion-fullwidth fullwidth-box fusion-builder-row-2 fusion-flex-container nonhundred-percent-fullwidth non-hundred-percent-height-scrolling\" style=\"--awb-border-radius-top-left:0px;--awb-border-radius-top-right:0px;--awb-border-radius-bottom-right:0px;--awb-border-radius-bottom-left:0px;--awb-padding-bottom:0px;--awb-flex-wrap:wrap;\" ><div class=\"fusion-builder-row fusion-row fusion-flex-align-items-center fusion-flex-content-wrap\" style=\"max-width:1331.2px;margin-left: calc(-4% \/ 2 );margin-right: calc(-4% \/ 2 );\"><div class=\"fusion-layout-column fusion_builder_column fusion-builder-column-3 fusion_builder_column_1_1 1_1 fusion-flex-column\" style=\"--awb-bg-size:cover;--awb-width-large:100%;--awb-margin-top-large:20px;--awb-spacing-right-large:1.92%;--awb-margin-bottom-large:20px;--awb-spacing-left-large:1.92%;--awb-width-medium:100%;--awb-order-medium:0;--awb-spacing-right-medium:1.92%;--awb-spacing-left-medium:1.92%;--awb-width-small:100%;--awb-order-small:0;--awb-spacing-right-small:1.92%;--awb-spacing-left-small:1.92%;\"><div class=\"fusion-column-wrapper fusion-column-has-shadow fusion-flex-justify-content-flex-start fusion-content-layout-column\"><div class=\"fusion-title title fusion-title-1 fusion-sep-none fusion-title-center fusion-title-text fusion-title-size-three\" style=\"--awb-margin-top-small:20px;--awb-margin-bottom-small:10px;\"><h3 class=\"fusion-title-heading title-heading-center fusion-responsive-typography-calculated\" style=\"margin:0;--fontSize:27;line-height:1.3;\">Brasilien ist das f\u00fcnftgr\u00f6\u00dfte Land der Welt<\/h3><\/div><\/div><\/div><div class=\"fusion-layout-column fusion_builder_column fusion-builder-column-4 fusion_builder_column_1_2 1_2 fusion-flex-column fusion-flex-align-self-flex-start fusion-column-no-min-height fusion-no-small-visibility fusion-no-medium-visibility fusion-animated\" style=\"--awb-bg-blend:overlay;--awb-bg-size:cover;--awb-width-large:50%;--awb-margin-top-large:0px;--awb-spacing-right-large:3.84%;--awb-margin-bottom-large:0px;--awb-spacing-left-large:3.84%;--awb-width-medium:100%;--awb-spacing-right-medium:1.92%;--awb-spacing-left-medium:1.92%;--awb-width-small:100%;--awb-spacing-right-small:1.92%;--awb-spacing-left-small:1.92%;\" data-animationType=\"fadeIn\" data-animationDuration=\"0.8\" data-animationOffset=\"top-into-view\"><div class=\"fusion-column-wrapper fusion-column-has-shadow fusion-flex-justify-content-flex-start fusion-content-layout-column\"><div class=\"fusion-title title fusion-title-2 fusion-sep-none fusion-title-center fusion-title-text fusion-title-size-one\" style=\"--awb-text-color:#76bb54;--awb-margin-bottom:-110px;--awb-margin-top-small:20px;--awb-margin-bottom-small:-90px;--awb-font-size:8.9em;\"><h1 class=\"fusion-title-heading title-heading-center fusion-responsive-typography-calculated\" style=\"margin:0;letter-spacing:-0.075em;font-size:1em;--fontSize:160.2;line-height:0.83;\">214,3 Millionen<\/h1><\/div><div class=\"fusion-title title fusion-title-3 fusion-sep-none fusion-title-center fusion-title-text fusion-title-size-two\" style=\"--awb-text-color:var(--awb-color7);--awb-margin-top:0px;--awb-margin-bottom:30px;--awb-margin-top-small:0px;--awb-margin-bottom-small:30px;--awb-font-size:5.2em;\"><h2 class=\"fusion-title-heading title-heading-center fusion-responsive-typography-calculated\" style=\"font-family:var(--awb-typography2-font-family);font-weight:var(--awb-typography2-font-weight);font-style:var(--awb-typography2-font-style);margin:0;letter-spacing:0px;font-size:1em;--fontSize:93.6;line-height:1.33;\">Einwohner<\/h2><\/div><\/div><\/div><div class=\"fusion-layout-column fusion_builder_column fusion-builder-column-5 fusion_builder_column_1_2 1_2 fusion-flex-column fusion-flex-align-self-flex-start fusion-column-no-min-height fusion-no-small-visibility fusion-no-medium-visibility fusion-animated\" style=\"--awb-bg-blend:overlay;--awb-bg-size:cover;--awb-width-large:50%;--awb-margin-top-large:0px;--awb-spacing-right-large:3.84%;--awb-margin-bottom-large:0px;--awb-spacing-left-large:3.84%;--awb-width-medium:100%;--awb-spacing-right-medium:1.92%;--awb-spacing-left-medium:1.92%;--awb-width-small:100%;--awb-spacing-right-small:1.92%;--awb-spacing-left-small:1.92%;\" data-animationType=\"fadeIn\" data-animationDuration=\"0.8\" data-animationOffset=\"top-into-view\"><div class=\"fusion-column-wrapper fusion-column-has-shadow fusion-flex-justify-content-flex-start fusion-content-layout-column\"><div class=\"fusion-title title fusion-title-4 fusion-sep-none fusion-title-center fusion-title-text fusion-title-size-one\" style=\"--awb-text-color:#edcf56;--awb-margin-bottom:-110px;--awb-margin-top-small:20px;--awb-margin-bottom-small:-90px;--awb-font-size:8.9em;\"><h1 class=\"fusion-title-heading title-heading-center fusion-responsive-typography-calculated\" style=\"margin:0;letter-spacing:-0.075em;font-size:1em;--fontSize:160.2;line-height:0.83;\">8,51 Millionen<\/h1><\/div><div class=\"fusion-title title fusion-title-5 fusion-sep-none fusion-title-center fusion-title-text fusion-title-size-two\" style=\"--awb-text-color:var(--awb-color7);--awb-margin-top:0px;--awb-margin-bottom:30px;--awb-margin-top-small:0px;--awb-margin-bottom-small:30px;--awb-font-size:5.2em;\"><h2 class=\"fusion-title-heading title-heading-center fusion-responsive-typography-calculated\" style=\"font-family:var(--awb-typography2-font-family);font-weight:var(--awb-typography2-font-weight);font-style:var(--awb-typography2-font-style);margin:0;letter-spacing:0px;font-size:1em;--fontSize:93.6;line-height:1.33;\">Quadratkilometer<\/h2><\/div><\/div><\/div><div class=\"fusion-layout-column fusion_builder_column fusion-builder-column-6 fusion_builder_column_1_2 1_2 fusion-flex-column fusion-flex-align-self-flex-start fusion-column-no-min-height fusion-no-large-visibility fusion-animated\" style=\"--awb-bg-blend:overlay;--awb-bg-size:cover;--awb-width-large:50%;--awb-margin-top-large:20px;--awb-spacing-right-large:3.84%;--awb-margin-bottom-large:0px;--awb-spacing-left-large:3.84%;--awb-width-medium:100%;--awb-spacing-right-medium:1.92%;--awb-spacing-left-medium:1.92%;--awb-width-small:100%;--awb-spacing-right-small:1.92%;--awb-spacing-left-small:1.92%;\" data-animationType=\"fadeInDown\" data-animationDuration=\"0.8\" data-animationOffset=\"top-into-view\"><div class=\"fusion-column-wrapper fusion-column-has-shadow fusion-flex-justify-content-flex-start fusion-content-layout-column\"><div class=\"fusion-title title fusion-title-6 fusion-sep-none fusion-title-center fusion-title-text fusion-title-size-one\" style=\"--awb-text-color:#76bb54;--awb-margin-top:20px;--awb-margin-top-small:20px;--awb-margin-bottom-small:0px;--awb-font-size:7.2em;\"><h1 class=\"fusion-title-heading title-heading-center fusion-responsive-typography-calculated\" style=\"margin:0;letter-spacing:-0.05em;font-size:1em;--fontSize:129.6;line-height:0.83;\">214,3 Millionen<\/h1><\/div><div class=\"fusion-title title fusion-title-7 fusion-sep-none fusion-title-center fusion-title-text fusion-title-size-two\" style=\"--awb-text-color:var(--awb-color7);--awb-margin-top:-1.26em;--awb-margin-bottom:30px;--awb-margin-top-small:-0.8em;--awb-margin-bottom-small:30px;--awb-font-size:5em;\"><h2 class=\"fusion-title-heading title-heading-center fusion-responsive-typography-calculated\" style=\"font-family:var(--awb-typography2-font-family);font-weight:var(--awb-typography2-font-weight);font-style:var(--awb-typography2-font-style);margin:0;letter-spacing:0px;font-size:1em;--fontSize:90;line-height:1.17;\">Einwohner<\/h2><\/div><\/div><\/div><div class=\"fusion-layout-column fusion_builder_column fusion-builder-column-7 fusion_builder_column_1_2 1_2 fusion-flex-column fusion-flex-align-self-flex-start fusion-column-no-min-height fusion-no-large-visibility fusion-animated\" style=\"--awb-bg-blend:overlay;--awb-bg-size:cover;--awb-width-large:50%;--awb-margin-top-large:20px;--awb-spacing-right-large:3.84%;--awb-margin-bottom-large:0px;--awb-spacing-left-large:3.84%;--awb-width-medium:100%;--awb-spacing-right-medium:1.92%;--awb-spacing-left-medium:1.92%;--awb-width-small:100%;--awb-spacing-right-small:1.92%;--awb-spacing-left-small:1.92%;\" data-animationType=\"fadeInDown\" data-animationDuration=\"0.8\" data-animationOffset=\"top-into-view\"><div class=\"fusion-column-wrapper fusion-column-has-shadow fusion-flex-justify-content-flex-start fusion-content-layout-column\"><div class=\"fusion-title title fusion-title-8 fusion-sep-none fusion-title-center fusion-title-text fusion-title-size-one\" style=\"--awb-text-color:#edcf56;--awb-margin-top:20px;--awb-margin-top-small:20px;--awb-margin-bottom-small:0px;--awb-font-size:7.2em;\"><h1 class=\"fusion-title-heading title-heading-center fusion-responsive-typography-calculated\" style=\"margin:0;letter-spacing:-0.05em;font-size:1em;--fontSize:129.6;line-height:0.83;\">8,51 Millionen<\/h1><\/div><div class=\"fusion-title title fusion-title-9 fusion-sep-none fusion-title-center fusion-title-text fusion-title-size-two\" style=\"--awb-text-color:var(--awb-color7);--awb-margin-top:-1.26em;--awb-margin-bottom:30px;--awb-margin-top-small:-0.8em;--awb-margin-bottom-small:30px;--awb-font-size:5em;\"><h2 class=\"fusion-title-heading title-heading-center fusion-responsive-typography-calculated\" style=\"font-family:var(--awb-typography2-font-family);font-weight:var(--awb-typography2-font-weight);font-style:var(--awb-typography2-font-style);margin:0;letter-spacing:0px;font-size:1em;--fontSize:90;line-height:1.17;\">Quadratkilometer<\/h2><\/div><\/div><\/div><\/div><\/div><\/p>\n","protected":false},"excerpt":{"rendered":"","protected":false},"author":1,"featured_media":0,"parent":0,"menu_order":0,"comment_status":"closed","ping_status":"closed","template":"100-width.php","meta":{"footnotes":""},"class_list":["post-3143","page","type-page","status-publish","hentry"],"yoast_head":"<!-- This site is optimized with the Yoast SEO plugin v27.4 - https:\/\/yoast.com\/product\/yoast-seo-wordpress\/ -->\n<title>Home - BrazilianCulture.Art<\/title>\n<meta name=\"description\" content=\"Entdecke Brasilien durch Kunst, Kultur, Tourismus und Gastronomie!\" \/>\n<meta name=\"robots\" content=\"index, follow, max-snippet:-1, max-image-preview:large, max-video-preview:-1\" \/>\n<link rel=\"canonical\" href=\"https:\/\/brazilianculture.art\/de\/\" \/>\n<meta property=\"og:locale\" content=\"de_DE\" \/>\n<meta property=\"og:type\" content=\"article\" \/>\n<meta property=\"og:title\" content=\"BrasilianCulture.Art\" \/>\n<meta property=\"og:description\" content=\"Entdecke Brasilien durch Kunst, Kultur, Tourismus und Gastronomie!\" \/>\n<meta property=\"og:url\" content=\"https:\/\/brazilianculture.art\/de\/\" \/>\n<meta property=\"og:site_name\" content=\"BrazilianCulture.Art\" \/>\n<meta property=\"article:publisher\" content=\"https:\/\/www.facebook.com\/profile.php?id=100090895031360\" \/>\n<meta property=\"article:modified_time\" content=\"2024-03-08T22:51:48+00:00\" \/>\n<meta property=\"og:image\" content=\"https:\/\/brazilianculture.art\/wp-content\/uploads\/2023\/04\/Brazilian-culture-.art-2.png\" \/>\n\t<meta property=\"og:image:width\" content=\"1080\" \/>\n\t<meta property=\"og:image:height\" content=\"1080\" \/>\n\t<meta property=\"og:image:type\" content=\"image\/png\" \/>\n<meta name=\"twitter:card\" content=\"summary_large_image\" \/>\n<script type=\"application\/ld+json\" class=\"yoast-schema-graph\">{\"@context\":\"https:\\\/\\\/schema.org\",\"@graph\":[{\"@type\":\"WebPage\",\"@id\":\"https:\\\/\\\/brazilianculture.art\\\/de\\\/\",\"url\":\"https:\\\/\\\/brazilianculture.art\\\/de\\\/\",\"name\":\"Home - BrazilianCulture.Art\",\"isPartOf\":{\"@id\":\"https:\\\/\\\/brazilianculture.art\\\/de\\\/#website\"},\"datePublished\":\"2022-08-08T21:29:59+00:00\",\"dateModified\":\"2024-03-08T22:51:48+00:00\",\"description\":\"Entdecke Brasilien durch Kunst, Kultur, Tourismus und Gastronomie!\",\"breadcrumb\":{\"@id\":\"https:\\\/\\\/brazilianculture.art\\\/de\\\/#breadcrumb\"},\"inLanguage\":\"de\",\"potentialAction\":[{\"@type\":\"ReadAction\",\"target\":[\"https:\\\/\\\/brazilianculture.art\\\/de\\\/\"]}]},{\"@type\":\"BreadcrumbList\",\"@id\":\"https:\\\/\\\/brazilianculture.art\\\/de\\\/#breadcrumb\",\"itemListElement\":[{\"@type\":\"ListItem\",\"position\":1,\"name\":\"Startseite\",\"item\":\"https:\\\/\\\/brazilianculture.art\\\/de\\\/\"},{\"@type\":\"ListItem\",\"position\":2,\"name\":\"Home\"}]},{\"@type\":\"WebSite\",\"@id\":\"https:\\\/\\\/brazilianculture.art\\\/de\\\/#website\",\"url\":\"https:\\\/\\\/brazilianculture.art\\\/de\\\/\",\"name\":\"BrazilianCulture.Art\",\"description\":\"Feel the Planet Brazil\",\"publisher\":{\"@id\":\"https:\\\/\\\/brazilianculture.art\\\/de\\\/#organization\"},\"potentialAction\":[{\"@type\":\"SearchAction\",\"target\":{\"@type\":\"EntryPoint\",\"urlTemplate\":\"https:\\\/\\\/brazilianculture.art\\\/de\\\/?s={search_term_string}\"},\"query-input\":{\"@type\":\"PropertyValueSpecification\",\"valueRequired\":true,\"valueName\":\"search_term_string\"}}],\"inLanguage\":\"de\"},{\"@type\":\"Organization\",\"@id\":\"https:\\\/\\\/brazilianculture.art\\\/de\\\/#organization\",\"name\":\"BrazilianCulture.Art\",\"url\":\"https:\\\/\\\/brazilianculture.art\\\/de\\\/\",\"logo\":{\"@type\":\"ImageObject\",\"inLanguage\":\"de\",\"@id\":\"https:\\\/\\\/brazilianculture.art\\\/de\\\/#\\\/schema\\\/logo\\\/image\\\/\",\"url\":\"https:\\\/\\\/brazilianculture.art\\\/wp-content\\\/uploads\\\/2023\\\/04\\\/Brazilian-culture-.art-2.png\",\"contentUrl\":\"https:\\\/\\\/brazilianculture.art\\\/wp-content\\\/uploads\\\/2023\\\/04\\\/Brazilian-culture-.art-2.png\",\"width\":1080,\"height\":1080,\"caption\":\"BrazilianCulture.Art\"},\"image\":{\"@id\":\"https:\\\/\\\/brazilianculture.art\\\/de\\\/#\\\/schema\\\/logo\\\/image\\\/\"},\"sameAs\":[\"https:\\\/\\\/www.facebook.com\\\/profile.php?id=100090895031360\",\"https:\\\/\\\/www.instagram.com\\\/brazilianculture.art\\\/\"]}]}<\/script>\n<!-- \/ Yoast SEO plugin. -->","yoast_head_json":{"title":"Home - BrazilianCulture.Art","description":"Entdecke Brasilien durch Kunst, Kultur, Tourismus und Gastronomie!","robots":{"index":"index","follow":"follow","max-snippet":"max-snippet:-1","max-image-preview":"max-image-preview:large","max-video-preview":"max-video-preview:-1"},"canonical":"https:\/\/brazilianculture.art\/de\/","og_locale":"de_DE","og_type":"article","og_title":"BrasilianCulture.Art","og_description":"Entdecke Brasilien durch Kunst, Kultur, Tourismus und Gastronomie!","og_url":"https:\/\/brazilianculture.art\/de\/","og_site_name":"BrazilianCulture.Art","article_publisher":"https:\/\/www.facebook.com\/profile.php?id=100090895031360","article_modified_time":"2024-03-08T22:51:48+00:00","og_image":[{"width":1080,"height":1080,"url":"https:\/\/brazilianculture.art\/wp-content\/uploads\/2023\/04\/Brazilian-culture-.art-2.png","type":"image\/png"}],"twitter_card":"summary_large_image","schema":{"@context":"https:\/\/schema.org","@graph":[{"@type":"WebPage","@id":"https:\/\/brazilianculture.art\/de\/","url":"https:\/\/brazilianculture.art\/de\/","name":"Home - BrazilianCulture.Art","isPartOf":{"@id":"https:\/\/brazilianculture.art\/de\/#website"},"datePublished":"2022-08-08T21:29:59+00:00","dateModified":"2024-03-08T22:51:48+00:00","description":"Entdecke Brasilien durch Kunst, Kultur, Tourismus und Gastronomie!","breadcrumb":{"@id":"https:\/\/brazilianculture.art\/de\/#breadcrumb"},"inLanguage":"de","potentialAction":[{"@type":"ReadAction","target":["https:\/\/brazilianculture.art\/de\/"]}]},{"@type":"BreadcrumbList","@id":"https:\/\/brazilianculture.art\/de\/#breadcrumb","itemListElement":[{"@type":"ListItem","position":1,"name":"Startseite","item":"https:\/\/brazilianculture.art\/de\/"},{"@type":"ListItem","position":2,"name":"Home"}]},{"@type":"WebSite","@id":"https:\/\/brazilianculture.art\/de\/#website","url":"https:\/\/brazilianculture.art\/de\/","name":"BrazilianCulture.Art","description":"Feel the Planet Brazil","publisher":{"@id":"https:\/\/brazilianculture.art\/de\/#organization"},"potentialAction":[{"@type":"SearchAction","target":{"@type":"EntryPoint","urlTemplate":"https:\/\/brazilianculture.art\/de\/?s={search_term_string}"},"query-input":{"@type":"PropertyValueSpecification","valueRequired":true,"valueName":"search_term_string"}}],"inLanguage":"de"},{"@type":"Organization","@id":"https:\/\/brazilianculture.art\/de\/#organization","name":"BrazilianCulture.Art","url":"https:\/\/brazilianculture.art\/de\/","logo":{"@type":"ImageObject","inLanguage":"de","@id":"https:\/\/brazilianculture.art\/de\/#\/schema\/logo\/image\/","url":"https:\/\/brazilianculture.art\/wp-content\/uploads\/2023\/04\/Brazilian-culture-.art-2.png","contentUrl":"https:\/\/brazilianculture.art\/wp-content\/uploads\/2023\/04\/Brazilian-culture-.art-2.png","width":1080,"height":1080,"caption":"BrazilianCulture.Art"},"image":{"@id":"https:\/\/brazilianculture.art\/de\/#\/schema\/logo\/image\/"},"sameAs":["https:\/\/www.facebook.com\/profile.php?id=100090895031360","https:\/\/www.instagram.com\/brazilianculture.art\/"]}]}},"_links":{"self":[{"href":"https:\/\/brazilianculture.art\/de\/wp-json\/wp\/v2\/pages\/3143","targetHints":{"allow":["GET"]}}],"collection":[{"href":"https:\/\/brazilianculture.art\/de\/wp-json\/wp\/v2\/pages"}],"about":[{"href":"https:\/\/brazilianculture.art\/de\/wp-json\/wp\/v2\/types\/page"}],"author":[{"embeddable":true,"href":"https:\/\/brazilianculture.art\/de\/wp-json\/wp\/v2\/users\/1"}],"replies":[{"embeddable":true,"href":"https:\/\/brazilianculture.art\/de\/wp-json\/wp\/v2\/comments?post=3143"}],"version-history":[{"count":10,"href":"https:\/\/brazilianculture.art\/de\/wp-json\/wp\/v2\/pages\/3143\/revisions"}],"predecessor-version":[{"id":3478,"href":"https:\/\/brazilianculture.art\/de\/wp-json\/wp\/v2\/pages\/3143\/revisions\/3478"}],"wp:attachment":[{"href":"https:\/\/brazilianculture.art\/de\/wp-json\/wp\/v2\/media?parent=3143"}],"curies":[{"name":"wp","href":"https:\/\/api.w.org\/{rel}","templated":true}]}}