{"id":3145,"date":"2022-08-08T23:29:59","date_gmt":"2022-08-08T21:29:59","guid":{"rendered":"http:\/\/dev.brazilianculture.art\/home\/"},"modified":"2024-03-09T00:04:40","modified_gmt":"2024-03-08T23:04:40","slug":"home","status":"publish","type":"page","link":"https:\/\/brazilianculture.art\/es\/","title":{"rendered":"Home"},"content":{"rendered":"<p><div class=\"fusion-fullwidth fullwidth-box fusion-builder-row-1 fusion-flex-container nonhundred-percent-fullwidth non-hundred-percent-height-scrolling\" style=\"--awb-border-radius-top-left:0px;--awb-border-radius-top-right:0px;--awb-border-radius-bottom-right:0px;--awb-border-radius-bottom-left:0px;--awb-flex-wrap:wrap;\" ><div class=\"fusion-builder-row fusion-row fusion-flex-align-items-flex-start fusion-flex-content-wrap\" style=\"max-width:1331.2px;margin-left: calc(-4% \/ 2 );margin-right: calc(-4% \/ 2 );\"><div class=\"fusion-layout-column fusion_builder_column fusion-builder-column-0 fusion_builder_column_1_1 1_1 fusion-flex-column fusion-flex-align-self-flex-start fusion-column-no-min-height\" style=\"--awb-bg-blend:overlay;--awb-bg-size:cover;--awb-width-large:100%;--awb-margin-top-large:20px;--awb-spacing-right-large:1.92%;--awb-margin-bottom-large:0px;--awb-spacing-left-large:1.92%;--awb-width-medium:100%;--awb-spacing-right-medium:1.92%;--awb-spacing-left-medium:1.92%;--awb-width-small:100%;--awb-spacing-right-small:1.92%;--awb-spacing-left-small:1.92%;\"><div class=\"fusion-column-wrapper fusion-column-has-shadow fusion-flex-justify-content-flex-start fusion-content-layout-column\"><div class=\"fusion-text fusion-text-1\" style=\"--awb-text-transform:none;\"><h2 style=\"text-align: center;\">Echa un vistazo a nuestras publicaciones m\u00e1s recientes<\/h2>\n<\/div><\/div><\/div><div class=\"fusion-layout-column fusion_builder_column fusion-builder-column-1 fusion_builder_column_1_1 1_1 fusion-flex-column\" style=\"--awb-bg-size:cover;--awb-width-large:100%;--awb-margin-top-large:20px;--awb-spacing-right-large:1.92%;--awb-margin-bottom-large:20px;--awb-spacing-left-large:1.92%;--awb-width-medium:100%;--awb-order-medium:0;--awb-spacing-right-medium:1.92%;--awb-spacing-left-medium:1.92%;--awb-width-small:100%;--awb-order-small:0;--awb-spacing-right-small:1.92%;--awb-spacing-left-small:1.92%;\"><div class=\"fusion-column-wrapper fusion-column-has-shadow fusion-flex-justify-content-flex-start fusion-content-layout-column\"><div class=\"fusion-recent-posts fusion-recent-posts-1 avada-container layout-default layout-columns-3\"><section class=\"fusion-columns columns fusion-columns-3 columns-3\"><article class=\"post fusion-column column col col-lg-4 col-md-4 col-sm-4\"><div class=\"fusion-flexslider fusion-flexslider-loading flexslider flexslider-hover-type-none\"><ul class=\"slides\"><li><a href=\"https:\/\/brazilianculture.art\/es\/movimientos-artisticos-brasilenos\/\" aria-label=\"10 movimientos art\u00edsticos brasile\u00f1os para principiantes\" class=\"hover-type-none\"><img decoding=\"async\" width=\"700\" height=\"441\" src=\"https:\/\/brazilianculture.art\/wp-content\/uploads\/2026\/04\/Batizado-de-Macunaima-1956-Oleo-sobre-tela-Tarsila-do-Amaral-700x441.jpeg\" class=\"attachment-recent-posts size-recent-posts lazyload\" alt=\"\" srcset=\"data:image\/svg+xml,%3Csvg%20xmlns%3D%27http%3A%2F%2Fwww.w3.org%2F2000%2Fsvg%27%20width%3D%272560%27%20height%3D%271475%27%20viewBox%3D%270%200%202560%201475%27%3E%3Crect%20width%3D%272560%27%20height%3D%271475%27%20fill-opacity%3D%220%22%2F%3E%3C%2Fsvg%3E\" data-orig-src=\"https:\/\/brazilianculture.art\/wp-content\/uploads\/2026\/04\/Batizado-de-Macunaima-1956-Oleo-sobre-tela-Tarsila-do-Amaral-700x441.jpeg\" data-srcset=\"https:\/\/brazilianculture.art\/wp-content\/uploads\/2026\/04\/Batizado-de-Macunaima-1956-Oleo-sobre-tela-Tarsila-do-Amaral-320x202.jpeg 320w, https:\/\/brazilianculture.art\/wp-content\/uploads\/2026\/04\/Batizado-de-Macunaima-1956-Oleo-sobre-tela-Tarsila-do-Amaral-700x441.jpeg 700w\" data-sizes=\"auto\" \/><\/a><\/li><\/ul><\/div><div class=\"recent-posts-content\"><span class=\"vcard\" style=\"display: none;\"><span class=\"fn\"><a href=\"https:\/\/brazilianculture.art\/es\/author\/julee\/\" title=\"Entradas de Julee Rom\u00e3o Silva\" rel=\"author\">Julee Rom\u00e3o Silva<\/a><\/span><\/span><span class=\"updated\" style=\"display:none;\">2026-05-02T02:05:13+02:00<\/span><h4 class=\"entry-title\"><a href=\"https:\/\/brazilianculture.art\/es\/movimientos-artisticos-brasilenos\/\">10 movimientos art\u00edsticos brasile\u00f1os para principiantes<\/a><\/h4><p class=\"meta\"><span class=\"vcard\" style=\"display: none;\"><span class=\"fn\"><a href=\"https:\/\/brazilianculture.art\/es\/author\/julee\/\" title=\"Entradas de Julee Rom\u00e3o Silva\" rel=\"author\">Julee Rom\u00e3o Silva<\/a><\/span><\/span><span class=\"updated\" style=\"display:none;\">2026-05-02T02:05:13+02:00<\/span><span>mayo 2nd, 2026<\/span><span class=\"fusion-inline-sep\">|<\/span><span class=\"fusion-comments\"><a href=\"https:\/\/brazilianculture.art\/es\/movimientos-artisticos-brasilenos\/#respond\">0 Comments<\/a><\/span><\/p><p> Tabla de Contenidos   Introducci\u00f3n  El arte brasile\u00f1o se caracteriza por una diversidad de lenguajes, influencias y contextos hist\u00f3ricos que reflejan la complejidad cultural del pa\u00eds. A lo largo del tiempo, distintos<\/p><\/div><\/article><article class=\"post fusion-column column col col-lg-4 col-md-4 col-sm-4\"><div class=\"fusion-flexslider fusion-flexslider-loading flexslider flexslider-hover-type-none\"><ul class=\"slides\"><li><a href=\"https:\/\/brazilianculture.art\/es\/viajar-por-ouro-preto\/\" aria-label=\"Itinerario de tres d\u00edas para viajar por Ouro Preto\" class=\"hover-type-none\"><img decoding=\"async\" width=\"700\" height=\"441\" src=\"https:\/\/brazilianculture.art\/wp-content\/uploads\/2026\/04\/pexels-bruno-cardoso-2147854904-29794803-700x441.jpg\" class=\"attachment-recent-posts size-recent-posts lazyload\" alt=\"\" srcset=\"data:image\/svg+xml,%3Csvg%20xmlns%3D%27http%3A%2F%2Fwww.w3.org%2F2000%2Fsvg%27%20width%3D%272048%27%20height%3D%272560%27%20viewBox%3D%270%200%202048%202560%27%3E%3Crect%20width%3D%272048%27%20height%3D%272560%27%20fill-opacity%3D%220%22%2F%3E%3C%2Fsvg%3E\" data-orig-src=\"https:\/\/brazilianculture.art\/wp-content\/uploads\/2026\/04\/pexels-bruno-cardoso-2147854904-29794803-700x441.jpg\" data-srcset=\"https:\/\/brazilianculture.art\/wp-content\/uploads\/2026\/04\/pexels-bruno-cardoso-2147854904-29794803-320x202.jpg 320w, https:\/\/brazilianculture.art\/wp-content\/uploads\/2026\/04\/pexels-bruno-cardoso-2147854904-29794803-700x441.jpg 700w\" data-sizes=\"auto\" \/><\/a><\/li><\/ul><\/div><div class=\"recent-posts-content\"><span class=\"vcard\" style=\"display: none;\"><span class=\"fn\"><a href=\"https:\/\/brazilianculture.art\/es\/author\/julee\/\" title=\"Entradas de Julee Rom\u00e3o Silva\" rel=\"author\">Julee Rom\u00e3o Silva<\/a><\/span><\/span><span class=\"updated\" style=\"display:none;\">2026-04-22T12:56:49+02:00<\/span><h4 class=\"entry-title\"><a href=\"https:\/\/brazilianculture.art\/es\/viajar-por-ouro-preto\/\">Itinerario de tres d\u00edas para viajar por Ouro Preto<\/a><\/h4><p class=\"meta\"><span class=\"vcard\" style=\"display: none;\"><span class=\"fn\"><a href=\"https:\/\/brazilianculture.art\/es\/author\/julee\/\" title=\"Entradas de Julee Rom\u00e3o Silva\" rel=\"author\">Julee Rom\u00e3o Silva<\/a><\/span><\/span><span class=\"updated\" style=\"display:none;\">2026-04-22T12:56:49+02:00<\/span><span>abril 22nd, 2026<\/span><span class=\"fusion-inline-sep\">|<\/span><span class=\"fusion-comments\"><a href=\"https:\/\/brazilianculture.art\/es\/viajar-por-ouro-preto\/#respond\">0 Comments<\/a><\/span><\/p><p> Tabla de Contenidos      Ouro Preto, en el estado de Minas Gerais, es uno de los destinos m\u00e1s emblem\u00e1ticos de Brasil cuando se trata de historia, arquitectura y cultura. Con<\/p><\/div><\/article><article class=\"post fusion-column column col col-lg-4 col-md-4 col-sm-4\"><div class=\"fusion-flexslider fusion-flexslider-loading flexslider flexslider-hover-type-none\"><ul class=\"slides\"><li><a href=\"https:\/\/brazilianculture.art\/es\/12-platos-mineiros\/\" aria-label=\"12 platos mineiros para probar en 6 ciudades de Minas Gerais\" class=\"hover-type-none\"><img decoding=\"async\" width=\"700\" height=\"441\" src=\"https:\/\/brazilianculture.art\/wp-content\/uploads\/2026\/04\/tasty-brazilian-dish-with-orange-top-view-700x441.jpg\" class=\"attachment-recent-posts size-recent-posts lazyload\" alt=\"\" srcset=\"data:image\/svg+xml,%3Csvg%20xmlns%3D%27http%3A%2F%2Fwww.w3.org%2F2000%2Fsvg%27%20width%3D%272560%27%20height%3D%272406%27%20viewBox%3D%270%200%202560%202406%27%3E%3Crect%20width%3D%272560%27%20height%3D%272406%27%20fill-opacity%3D%220%22%2F%3E%3C%2Fsvg%3E\" data-orig-src=\"https:\/\/brazilianculture.art\/wp-content\/uploads\/2026\/04\/tasty-brazilian-dish-with-orange-top-view-700x441.jpg\" data-srcset=\"https:\/\/brazilianculture.art\/wp-content\/uploads\/2026\/04\/tasty-brazilian-dish-with-orange-top-view-320x202.jpg 320w, https:\/\/brazilianculture.art\/wp-content\/uploads\/2026\/04\/tasty-brazilian-dish-with-orange-top-view-700x441.jpg 700w\" data-sizes=\"auto\" \/><\/a><\/li><\/ul><\/div><div class=\"recent-posts-content\"><span class=\"vcard\" style=\"display: none;\"><span class=\"fn\"><a href=\"https:\/\/brazilianculture.art\/es\/author\/julee\/\" title=\"Entradas de Julee Rom\u00e3o Silva\" rel=\"author\">Julee Rom\u00e3o Silva<\/a><\/span><\/span><span class=\"updated\" style=\"display:none;\">2026-04-22T12:37:59+02:00<\/span><h4 class=\"entry-title\"><a href=\"https:\/\/brazilianculture.art\/es\/12-platos-mineiros\/\">12 platos mineiros para probar en 6 ciudades de Minas Gerais<\/a><\/h4><p class=\"meta\"><span class=\"vcard\" style=\"display: none;\"><span class=\"fn\"><a href=\"https:\/\/brazilianculture.art\/es\/author\/julee\/\" title=\"Entradas de Julee Rom\u00e3o Silva\" rel=\"author\">Julee Rom\u00e3o Silva<\/a><\/span><\/span><span class=\"updated\" style=\"display:none;\">2026-04-22T12:37:59+02:00<\/span><span>abril 17th, 2026<\/span><span class=\"fusion-inline-sep\">|<\/span><span class=\"fusion-comments\"><a href=\"https:\/\/brazilianculture.art\/es\/12-platos-mineiros\/#respond\">0 Comments<\/a><\/span><\/p><p> Tabla de Contenidos   Minas Gerais siempre es una referencia cuando se trata de turismo gastron\u00f3mico.. En muchos destinos, la experiencia no se limita a las iglesias, monta\u00f1as o centros hist\u00f3ricos: pasa directamente<\/p><\/div><\/article><article class=\"post fusion-column column col col-lg-4 col-md-4 col-sm-4\"><div class=\"fusion-flexslider fusion-flexslider-loading flexslider flexslider-hover-type-none\"><ul class=\"slides\"><li><a href=\"https:\/\/brazilianculture.art\/es\/fernanda-torres\/\" aria-label=\"Fernanda Torres? Completamente Premiada\" class=\"hover-type-none\"><img decoding=\"async\" width=\"594\" height=\"396\" src=\"https:\/\/brazilianculture.art\/wp-content\/uploads\/2025\/02\/gettyimages-2192040422-594x594-1.jpg\" class=\"attachment-recent-posts size-recent-posts lazyload\" alt=\"\" srcset=\"data:image\/svg+xml,%3Csvg%20xmlns%3D%27http%3A%2F%2Fwww.w3.org%2F2000%2Fsvg%27%20width%3D%27594%27%20height%3D%27396%27%20viewBox%3D%270%200%20594%20396%27%3E%3Crect%20width%3D%27594%27%20height%3D%27396%27%20fill-opacity%3D%220%22%2F%3E%3C%2Fsvg%3E\" data-orig-src=\"https:\/\/brazilianculture.art\/wp-content\/uploads\/2025\/02\/gettyimages-2192040422-594x594-1.jpg\" data-srcset=\"https:\/\/brazilianculture.art\/wp-content\/uploads\/2025\/02\/gettyimages-2192040422-594x594-1-200x133.jpg 200w, https:\/\/brazilianculture.art\/wp-content\/uploads\/2025\/02\/gettyimages-2192040422-594x594-1-300x200.jpg 300w, https:\/\/brazilianculture.art\/wp-content\/uploads\/2025\/02\/gettyimages-2192040422-594x594-1-400x267.jpg 400w, https:\/\/brazilianculture.art\/wp-content\/uploads\/2025\/02\/gettyimages-2192040422-594x594-1.jpg 594w\" data-sizes=\"auto\" \/><\/a><\/li><\/ul><\/div><div class=\"recent-posts-content\"><span class=\"vcard\" style=\"display: none;\"><span class=\"fn\"><a href=\"https:\/\/brazilianculture.art\/es\/author\/admin_mariana\/\" title=\"Entradas de Mariana Rom\u00e3o\" rel=\"author\">Mariana Rom\u00e3o<\/a><\/span><\/span><span class=\"updated\" style=\"display:none;\">2025-02-23T19:12:29+01:00<\/span><h4 class=\"entry-title\"><a href=\"https:\/\/brazilianculture.art\/es\/fernanda-torres\/\">Fernanda Torres? Completamente Premiada<\/a><\/h4><p class=\"meta\"><span class=\"vcard\" style=\"display: none;\"><span class=\"fn\"><a href=\"https:\/\/brazilianculture.art\/es\/author\/admin_mariana\/\" title=\"Entradas de Mariana Rom\u00e3o\" rel=\"author\">Mariana Rom\u00e3o<\/a><\/span><\/span><span class=\"updated\" style=\"display:none;\">2025-02-23T19:12:29+01:00<\/span><span>febrero 23rd, 2025<\/span><span class=\"fusion-inline-sep\">|<\/span><span class=\"fusion-comments\"><span>Comentarios desactivados<span class=\"screen-reader-text\"> en Fernanda Torres? Completamente Premiada<\/span><\/span><\/span><\/p><p> Tabla de Contenidos   Fernanda Torres es un nombre que resuena con ecos de talento y versatilidad en la escena art\u00edstica brasile\u00f1a. Con una carrera s\u00f3lida tanto en televisi\u00f3n como en cine, Torres<\/p><\/div><\/article><article class=\"post fusion-column column col col-lg-4 col-md-4 col-sm-4\"><div class=\"fusion-flexslider fusion-flexslider-loading flexslider flexslider-hover-type-none\"><ul class=\"slides\"><li><a href=\"https:\/\/brazilianculture.art\/es\/costa-norte-de-sao-paulo-paraisos-ocultos\/\" aria-label=\"Costa Norte de S\u00e3o Paulo: Para\u00edsos Ocultos\" class=\"hover-type-none\"><img decoding=\"async\" width=\"700\" height=\"441\" src=\"https:\/\/brazilianculture.art\/wp-content\/uploads\/2024\/11\/temporada-de-navios-de-cruzeiro-escalas-ilhabela-2023-2024.jpg-700x441.webp\" class=\"attachment-recent-posts size-recent-posts lazyload\" alt=\"\" srcset=\"data:image\/svg+xml,%3Csvg%20xmlns%3D%27http%3A%2F%2Fwww.w3.org%2F2000%2Fsvg%27%20width%3D%27960%27%20height%3D%27540%27%20viewBox%3D%270%200%20960%20540%27%3E%3Crect%20width%3D%27960%27%20height%3D%27540%27%20fill-opacity%3D%220%22%2F%3E%3C%2Fsvg%3E\" data-orig-src=\"https:\/\/brazilianculture.art\/wp-content\/uploads\/2024\/11\/temporada-de-navios-de-cruzeiro-escalas-ilhabela-2023-2024.jpg-700x441.webp\" data-srcset=\"https:\/\/brazilianculture.art\/wp-content\/uploads\/2024\/11\/temporada-de-navios-de-cruzeiro-escalas-ilhabela-2023-2024.jpg-320x202.webp 320w, https:\/\/brazilianculture.art\/wp-content\/uploads\/2024\/11\/temporada-de-navios-de-cruzeiro-escalas-ilhabela-2023-2024.jpg-700x441.webp 700w\" data-sizes=\"auto\" \/><\/a><\/li><\/ul><\/div><div class=\"recent-posts-content\"><span class=\"vcard\" style=\"display: none;\"><span class=\"fn\"><a href=\"https:\/\/brazilianculture.art\/es\/author\/julee\/\" title=\"Entradas de Julee Rom\u00e3o Silva\" rel=\"author\">Julee Rom\u00e3o Silva<\/a><\/span><\/span><span class=\"updated\" style=\"display:none;\">2025-04-14T16:12:33+02:00<\/span><h4 class=\"entry-title\"><a href=\"https:\/\/brazilianculture.art\/es\/costa-norte-de-sao-paulo-paraisos-ocultos\/\">Costa Norte de S\u00e3o Paulo: Para\u00edsos Ocultos<\/a><\/h4><p class=\"meta\"><span class=\"vcard\" style=\"display: none;\"><span class=\"fn\"><a href=\"https:\/\/brazilianculture.art\/es\/author\/julee\/\" title=\"Entradas de Julee Rom\u00e3o Silva\" rel=\"author\">Julee Rom\u00e3o Silva<\/a><\/span><\/span><span class=\"updated\" style=\"display:none;\">2025-04-14T16:12:33+02:00<\/span><span>febrero 23rd, 2025<\/span><span class=\"fusion-inline-sep\">|<\/span><span class=\"fusion-comments\"><span>Comentarios desactivados<span class=\"screen-reader-text\"> en Costa Norte de S\u00e3o Paulo: Para\u00edsos Ocultos<\/span><\/span><\/span><\/p><p> Tabla de Contenidos   La Costa Norte de S\u00e3o Paulo es una franja costera que se extiende desde la ciudad de Bertioga hasta la frontera con R\u00edo de Janeiro, abarcando tambi\u00e9n las ciudades<\/p><\/div><\/article><article class=\"post fusion-column column col col-lg-4 col-md-4 col-sm-4\"><div class=\"fusion-flexslider fusion-flexslider-loading flexslider flexslider-hover-type-none\"><ul class=\"slides\"><li><a href=\"https:\/\/brazilianculture.art\/es\/farofa\/\" aria-label=\"Farofa: C\u00f3mo un Plato Sencillo Conquist\u00f3 Brasil\" class=\"hover-type-none\"><img decoding=\"async\" width=\"700\" height=\"441\" src=\"https:\/\/brazilianculture.art\/wp-content\/uploads\/2024\/07\/brazilian-farofa-traditional-dish-brazil-cuisine-made-with-manioc-flour-widely-used-festivities-christmas-selective-focus-700x441.jpg\" class=\"attachment-recent-posts size-recent-posts lazyload\" alt=\"\" srcset=\"data:image\/svg+xml,%3Csvg%20xmlns%3D%27http%3A%2F%2Fwww.w3.org%2F2000%2Fsvg%27%20width%3D%272560%27%20height%3D%271707%27%20viewBox%3D%270%200%202560%201707%27%3E%3Crect%20width%3D%272560%27%20height%3D%271707%27%20fill-opacity%3D%220%22%2F%3E%3C%2Fsvg%3E\" data-orig-src=\"https:\/\/brazilianculture.art\/wp-content\/uploads\/2024\/07\/brazilian-farofa-traditional-dish-brazil-cuisine-made-with-manioc-flour-widely-used-festivities-christmas-selective-focus-700x441.jpg\" data-srcset=\"https:\/\/brazilianculture.art\/wp-content\/uploads\/2024\/07\/brazilian-farofa-traditional-dish-brazil-cuisine-made-with-manioc-flour-widely-used-festivities-christmas-selective-focus-320x202.jpg 320w, https:\/\/brazilianculture.art\/wp-content\/uploads\/2024\/07\/brazilian-farofa-traditional-dish-brazil-cuisine-made-with-manioc-flour-widely-used-festivities-christmas-selective-focus-700x441.jpg 700w\" data-sizes=\"auto\" \/><\/a><\/li><\/ul><\/div><div class=\"recent-posts-content\"><span class=\"vcard\" style=\"display: none;\"><span class=\"fn\"><a href=\"https:\/\/brazilianculture.art\/es\/author\/admin_mariana\/\" title=\"Entradas de Mariana Rom\u00e3o\" rel=\"author\">Mariana Rom\u00e3o<\/a><\/span><\/span><span class=\"updated\" style=\"display:none;\">2024-08-26T12:47:13+02:00<\/span><h4 class=\"entry-title\"><a href=\"https:\/\/brazilianculture.art\/es\/farofa\/\">Farofa: C\u00f3mo un Plato Sencillo Conquist\u00f3 Brasil<\/a><\/h4><p class=\"meta\"><span class=\"vcard\" style=\"display: none;\"><span class=\"fn\"><a href=\"https:\/\/brazilianculture.art\/es\/author\/admin_mariana\/\" title=\"Entradas de Mariana Rom\u00e3o\" rel=\"author\">Mariana Rom\u00e3o<\/a><\/span><\/span><span class=\"updated\" style=\"display:none;\">2024-08-26T12:47:13+02:00<\/span><span>agosto 26th, 2024<\/span><span class=\"fusion-inline-sep\">|<\/span><span class=\"fusion-comments\"><span>Comentarios desactivados<span class=\"screen-reader-text\"> en Farofa: C\u00f3mo un Plato Sencillo Conquist\u00f3 Brasil<\/span><\/span><\/span><\/p><p> Tabla de Contenidos   La gastronom\u00eda brasile\u00f1a es conocida por su diversidad y riqueza de sabores, resultado de la fusi\u00f3n de varias influencias culturales a lo largo de los siglos. Entre los platos<\/p><\/div><\/article><\/section><\/div><\/div><\/div><div class=\"fusion-layout-column fusion_builder_column fusion-builder-column-2 fusion_builder_column_1_1 1_1 fusion-flex-column\" style=\"--awb-bg-size:cover;--awb-width-large:100%;--awb-margin-top-large:20px;--awb-spacing-right-large:1.92%;--awb-margin-bottom-large:20px;--awb-spacing-left-large:1.92%;--awb-width-medium:100%;--awb-order-medium:0;--awb-spacing-right-medium:1.92%;--awb-spacing-left-medium:1.92%;--awb-width-small:100%;--awb-order-small:0;--awb-spacing-right-small:1.92%;--awb-spacing-left-small:1.92%;\"><div class=\"fusion-column-wrapper fusion-column-has-shadow fusion-flex-justify-content-flex-start fusion-content-layout-column\"><\/div><\/div><\/div><\/div><div class=\"fusion-fullwidth fullwidth-box fusion-builder-row-2 fusion-flex-container nonhundred-percent-fullwidth non-hundred-percent-height-scrolling\" style=\"--awb-border-radius-top-left:0px;--awb-border-radius-top-right:0px;--awb-border-radius-bottom-right:0px;--awb-border-radius-bottom-left:0px;--awb-padding-bottom:0px;--awb-flex-wrap:wrap;\" ><div class=\"fusion-builder-row fusion-row fusion-flex-align-items-center fusion-flex-content-wrap\" style=\"max-width:1331.2px;margin-left: calc(-4% \/ 2 );margin-right: calc(-4% \/ 2 );\"><div class=\"fusion-layout-column fusion_builder_column fusion-builder-column-3 fusion_builder_column_1_1 1_1 fusion-flex-column\" style=\"--awb-bg-size:cover;--awb-width-large:100%;--awb-margin-top-large:20px;--awb-spacing-right-large:1.92%;--awb-margin-bottom-large:20px;--awb-spacing-left-large:1.92%;--awb-width-medium:100%;--awb-order-medium:0;--awb-spacing-right-medium:1.92%;--awb-spacing-left-medium:1.92%;--awb-width-small:100%;--awb-order-small:0;--awb-spacing-right-small:1.92%;--awb-spacing-left-small:1.92%;\"><div class=\"fusion-column-wrapper fusion-column-has-shadow fusion-flex-justify-content-flex-start fusion-content-layout-column\"><div class=\"fusion-title title fusion-title-1 fusion-sep-none fusion-title-center fusion-title-text fusion-title-size-three\" style=\"--awb-margin-top-small:20px;--awb-margin-bottom-small:10px;\"><h3 class=\"fusion-title-heading title-heading-center fusion-responsive-typography-calculated\" style=\"margin:0;--fontSize:27;line-height:1.3;\">Brasil es el quinto pa\u00eds m\u00e1s grande del mundo.<\/h3><\/div><\/div><\/div><div class=\"fusion-layout-column fusion_builder_column fusion-builder-column-4 fusion_builder_column_1_2 1_2 fusion-flex-column fusion-flex-align-self-flex-start fusion-column-no-min-height fusion-no-small-visibility fusion-no-medium-visibility fusion-animated\" style=\"--awb-bg-blend:overlay;--awb-bg-size:cover;--awb-width-large:50%;--awb-margin-top-large:0px;--awb-spacing-right-large:3.84%;--awb-margin-bottom-large:0px;--awb-spacing-left-large:3.84%;--awb-width-medium:100%;--awb-spacing-right-medium:1.92%;--awb-spacing-left-medium:1.92%;--awb-width-small:100%;--awb-spacing-right-small:1.92%;--awb-spacing-left-small:1.92%;\" data-animationType=\"fadeIn\" data-animationDuration=\"0.8\" data-animationOffset=\"top-into-view\"><div class=\"fusion-column-wrapper fusion-column-has-shadow fusion-flex-justify-content-flex-start fusion-content-layout-column\"><div class=\"fusion-title title fusion-title-2 fusion-sep-none fusion-title-center fusion-title-text fusion-title-size-one\" style=\"--awb-text-color:#76bb54;--awb-margin-bottom:-110px;--awb-margin-top-small:20px;--awb-margin-bottom-small:-90px;--awb-font-size:8.9em;\"><h1 class=\"fusion-title-heading title-heading-center fusion-responsive-typography-calculated\" style=\"margin:0;letter-spacing:-0.075em;font-size:1em;--fontSize:160.2;line-height:0.83;\">214,3 millones<\/h1><\/div><div class=\"fusion-title title fusion-title-3 fusion-sep-none fusion-title-center fusion-title-text fusion-title-size-two\" style=\"--awb-text-color:var(--awb-color7);--awb-margin-top:0px;--awb-margin-bottom:30px;--awb-margin-top-small:0px;--awb-margin-bottom-small:30px;--awb-font-size:5.2em;\"><h2 class=\"fusion-title-heading title-heading-center fusion-responsive-typography-calculated\" style=\"font-family:var(--awb-typography2-font-family);font-weight:var(--awb-typography2-font-weight);font-style:var(--awb-typography2-font-style);margin:0;letter-spacing:0px;font-size:1em;--fontSize:93.6;line-height:1.33;\">Residentes<\/h2><\/div><\/div><\/div><div class=\"fusion-layout-column fusion_builder_column fusion-builder-column-5 fusion_builder_column_1_2 1_2 fusion-flex-column fusion-flex-align-self-flex-start fusion-column-no-min-height fusion-no-small-visibility fusion-no-medium-visibility fusion-animated\" style=\"--awb-bg-blend:overlay;--awb-bg-size:cover;--awb-width-large:50%;--awb-margin-top-large:0px;--awb-spacing-right-large:3.84%;--awb-margin-bottom-large:0px;--awb-spacing-left-large:3.84%;--awb-width-medium:100%;--awb-spacing-right-medium:1.92%;--awb-spacing-left-medium:1.92%;--awb-width-small:100%;--awb-spacing-right-small:1.92%;--awb-spacing-left-small:1.92%;\" data-animationType=\"fadeIn\" data-animationDuration=\"0.8\" data-animationOffset=\"top-into-view\"><div class=\"fusion-column-wrapper fusion-column-has-shadow fusion-flex-justify-content-flex-start fusion-content-layout-column\"><div class=\"fusion-title title fusion-title-4 fusion-sep-none fusion-title-center fusion-title-text fusion-title-size-one\" style=\"--awb-text-color:#edcf56;--awb-margin-bottom:-110px;--awb-margin-top-small:20px;--awb-margin-bottom-small:-90px;--awb-font-size:8.9em;\"><h1 class=\"fusion-title-heading title-heading-center fusion-responsive-typography-calculated\" style=\"margin:0;letter-spacing:-0.075em;font-size:1em;--fontSize:160.2;line-height:0.83;\">8,51 millones<\/h1><\/div><div class=\"fusion-title title fusion-title-5 fusion-sep-none fusion-title-center fusion-title-text fusion-title-size-two\" style=\"--awb-text-color:var(--awb-color7);--awb-margin-top:0px;--awb-margin-bottom:30px;--awb-margin-top-small:0px;--awb-margin-bottom-small:30px;--awb-font-size:5.2em;\"><h2 class=\"fusion-title-heading title-heading-center fusion-responsive-typography-calculated\" style=\"font-family:var(--awb-typography2-font-family);font-weight:var(--awb-typography2-font-weight);font-style:var(--awb-typography2-font-style);margin:0;letter-spacing:0px;font-size:1em;--fontSize:93.6;line-height:1.33;\">Kil\u00f3metros cuadrados<\/h2><\/div><\/div><\/div><div class=\"fusion-layout-column fusion_builder_column fusion-builder-column-6 fusion_builder_column_1_2 1_2 fusion-flex-column fusion-flex-align-self-flex-start fusion-column-no-min-height fusion-no-large-visibility fusion-animated\" style=\"--awb-bg-blend:overlay;--awb-bg-size:cover;--awb-width-large:50%;--awb-margin-top-large:20px;--awb-spacing-right-large:3.84%;--awb-margin-bottom-large:0px;--awb-spacing-left-large:3.84%;--awb-width-medium:100%;--awb-spacing-right-medium:1.92%;--awb-spacing-left-medium:1.92%;--awb-width-small:100%;--awb-spacing-right-small:1.92%;--awb-spacing-left-small:1.92%;\" data-animationType=\"fadeInDown\" data-animationDuration=\"0.8\" data-animationOffset=\"top-into-view\"><div class=\"fusion-column-wrapper fusion-column-has-shadow fusion-flex-justify-content-flex-start fusion-content-layout-column\"><div class=\"fusion-title title fusion-title-6 fusion-sep-none fusion-title-center fusion-title-text fusion-title-size-one\" style=\"--awb-text-color:#76bb54;--awb-margin-top:20px;--awb-margin-top-small:20px;--awb-margin-bottom-small:0px;--awb-font-size:7.2em;\"><h1 class=\"fusion-title-heading title-heading-center fusion-responsive-typography-calculated\" style=\"margin:0;letter-spacing:-0.05em;font-size:1em;--fontSize:129.6;line-height:0.83;\">214,3 millones<\/h1><\/div><div class=\"fusion-title title fusion-title-7 fusion-sep-none fusion-title-center fusion-title-text fusion-title-size-two\" style=\"--awb-text-color:var(--awb-color7);--awb-margin-top:-1.26em;--awb-margin-bottom:30px;--awb-margin-top-small:-0.8em;--awb-margin-bottom-small:30px;--awb-font-size:5em;\"><h2 class=\"fusion-title-heading title-heading-center fusion-responsive-typography-calculated\" style=\"font-family:var(--awb-typography2-font-family);font-weight:var(--awb-typography2-font-weight);font-style:var(--awb-typography2-font-style);margin:0;letter-spacing:0px;font-size:1em;--fontSize:90;line-height:1.17;\">Residentes<\/h2><\/div><\/div><\/div><div class=\"fusion-layout-column fusion_builder_column fusion-builder-column-7 fusion_builder_column_1_2 1_2 fusion-flex-column fusion-flex-align-self-flex-start fusion-column-no-min-height fusion-no-large-visibility fusion-animated\" style=\"--awb-bg-blend:overlay;--awb-bg-size:cover;--awb-width-large:50%;--awb-margin-top-large:20px;--awb-spacing-right-large:3.84%;--awb-margin-bottom-large:0px;--awb-spacing-left-large:3.84%;--awb-width-medium:100%;--awb-spacing-right-medium:1.92%;--awb-spacing-left-medium:1.92%;--awb-width-small:100%;--awb-spacing-right-small:1.92%;--awb-spacing-left-small:1.92%;\" data-animationType=\"fadeInDown\" data-animationDuration=\"0.8\" data-animationOffset=\"top-into-view\"><div class=\"fusion-column-wrapper fusion-column-has-shadow fusion-flex-justify-content-flex-start fusion-content-layout-column\"><div class=\"fusion-title title fusion-title-8 fusion-sep-none fusion-title-center fusion-title-text fusion-title-size-one\" style=\"--awb-text-color:#edcf56;--awb-margin-top:20px;--awb-margin-top-small:20px;--awb-margin-bottom-small:0px;--awb-font-size:7.2em;\"><h1 class=\"fusion-title-heading title-heading-center fusion-responsive-typography-calculated\" style=\"margin:0;letter-spacing:-0.05em;font-size:1em;--fontSize:129.6;line-height:0.83;\">8,51 millones<\/h1><\/div><div class=\"fusion-title title fusion-title-9 fusion-sep-none fusion-title-center fusion-title-text fusion-title-size-two\" style=\"--awb-text-color:var(--awb-color7);--awb-margin-top:-1.26em;--awb-margin-bottom:30px;--awb-margin-top-small:-0.8em;--awb-margin-bottom-small:30px;--awb-font-size:5em;\"><h2 class=\"fusion-title-heading title-heading-center fusion-responsive-typography-calculated\" style=\"font-family:var(--awb-typography2-font-family);font-weight:var(--awb-typography2-font-weight);font-style:var(--awb-typography2-font-style);margin:0;letter-spacing:0px;font-size:1em;--fontSize:90;line-height:1.17;\">Kil\u00f3metros cuadrados<\/h2><\/div><\/div><\/div><\/div><\/div><\/p>\n","protected":false},"excerpt":{"rendered":"","protected":false},"author":1,"featured_media":0,"parent":0,"menu_order":0,"comment_status":"closed","ping_status":"closed","template":"100-width.php","meta":{"footnotes":""},"class_list":["post-3145","page","type-page","status-publish","hentry"],"yoast_head":"<!-- This site is optimized with the Yoast SEO plugin v27.4 - https:\/\/yoast.com\/product\/yoast-seo-wordpress\/ -->\n<title>Home - BrazilianCulture.Art<\/title>\n<meta name=\"description\" content=\"Explorando o Brasil atrav\u00e9s da arte, cultura, turismo e gastronomia!\" \/>\n<meta name=\"robots\" content=\"index, follow, max-snippet:-1, max-image-preview:large, max-video-preview:-1\" \/>\n<link rel=\"canonical\" href=\"https:\/\/brazilianculture.art\/es\/\" \/>\n<meta property=\"og:locale\" content=\"es_ES\" \/>\n<meta property=\"og:type\" content=\"article\" \/>\n<meta property=\"og:title\" content=\"BrasilianCulture.Art\" \/>\n<meta property=\"og:description\" content=\"Explorando o Brasil atrav\u00e9s da arte, cultura, turismo e gastronomia!\" \/>\n<meta property=\"og:url\" content=\"https:\/\/brazilianculture.art\/es\/\" \/>\n<meta property=\"og:site_name\" content=\"BrazilianCulture.Art\" \/>\n<meta property=\"article:publisher\" content=\"https:\/\/www.facebook.com\/profile.php?id=100090895031360\" \/>\n<meta property=\"article:modified_time\" content=\"2024-03-08T23:04:40+00:00\" \/>\n<meta property=\"og:image\" content=\"https:\/\/brazilianculture.art\/wp-content\/uploads\/2023\/04\/Brazilian-culture-.art-2-300x300.png\" \/>\n<meta name=\"twitter:card\" content=\"summary_large_image\" \/>\n<script type=\"application\/ld+json\" class=\"yoast-schema-graph\">{\"@context\":\"https:\\\/\\\/schema.org\",\"@graph\":[{\"@type\":\"WebPage\",\"@id\":\"https:\\\/\\\/brazilianculture.art\\\/es\\\/\",\"url\":\"https:\\\/\\\/brazilianculture.art\\\/es\\\/\",\"name\":\"Home - BrazilianCulture.Art\",\"isPartOf\":{\"@id\":\"https:\\\/\\\/brazilianculture.art\\\/es\\\/#website\"},\"datePublished\":\"2022-08-08T21:29:59+00:00\",\"dateModified\":\"2024-03-08T23:04:40+00:00\",\"description\":\"Explorando o Brasil atrav\u00e9s da arte, cultura, turismo e gastronomia!\",\"breadcrumb\":{\"@id\":\"https:\\\/\\\/brazilianculture.art\\\/es\\\/#breadcrumb\"},\"inLanguage\":\"es\",\"potentialAction\":[{\"@type\":\"ReadAction\",\"target\":[\"https:\\\/\\\/brazilianculture.art\\\/es\\\/\"]}]},{\"@type\":\"BreadcrumbList\",\"@id\":\"https:\\\/\\\/brazilianculture.art\\\/es\\\/#breadcrumb\",\"itemListElement\":[{\"@type\":\"ListItem\",\"position\":1,\"name\":\"Startseite\",\"item\":\"https:\\\/\\\/brazilianculture.art\\\/es\\\/home\\\/\"},{\"@type\":\"ListItem\",\"position\":2,\"name\":\"Home\"}]},{\"@type\":\"WebSite\",\"@id\":\"https:\\\/\\\/brazilianculture.art\\\/es\\\/#website\",\"url\":\"https:\\\/\\\/brazilianculture.art\\\/es\\\/\",\"name\":\"BrazilianCulture.Art\",\"description\":\"Feel the Planet Brazil\",\"publisher\":{\"@id\":\"https:\\\/\\\/brazilianculture.art\\\/es\\\/#organization\"},\"potentialAction\":[{\"@type\":\"SearchAction\",\"target\":{\"@type\":\"EntryPoint\",\"urlTemplate\":\"https:\\\/\\\/brazilianculture.art\\\/es\\\/?s={search_term_string}\"},\"query-input\":{\"@type\":\"PropertyValueSpecification\",\"valueRequired\":true,\"valueName\":\"search_term_string\"}}],\"inLanguage\":\"es\"},{\"@type\":\"Organization\",\"@id\":\"https:\\\/\\\/brazilianculture.art\\\/es\\\/#organization\",\"name\":\"BrazilianCulture.Art\",\"url\":\"https:\\\/\\\/brazilianculture.art\\\/es\\\/\",\"logo\":{\"@type\":\"ImageObject\",\"inLanguage\":\"es\",\"@id\":\"https:\\\/\\\/brazilianculture.art\\\/es\\\/#\\\/schema\\\/logo\\\/image\\\/\",\"url\":\"https:\\\/\\\/brazilianculture.art\\\/wp-content\\\/uploads\\\/2023\\\/04\\\/Brazilian-culture-.art-2.png\",\"contentUrl\":\"https:\\\/\\\/brazilianculture.art\\\/wp-content\\\/uploads\\\/2023\\\/04\\\/Brazilian-culture-.art-2.png\",\"width\":1080,\"height\":1080,\"caption\":\"BrazilianCulture.Art\"},\"image\":{\"@id\":\"https:\\\/\\\/brazilianculture.art\\\/es\\\/#\\\/schema\\\/logo\\\/image\\\/\"},\"sameAs\":[\"https:\\\/\\\/www.facebook.com\\\/profile.php?id=100090895031360\",\"https:\\\/\\\/www.instagram.com\\\/brazilianculture.art\\\/\"]}]}<\/script>\n<!-- \/ Yoast SEO plugin. -->","yoast_head_json":{"title":"Home - BrazilianCulture.Art","description":"Explorando o Brasil atrav\u00e9s da arte, cultura, turismo e gastronomia!","robots":{"index":"index","follow":"follow","max-snippet":"max-snippet:-1","max-image-preview":"max-image-preview:large","max-video-preview":"max-video-preview:-1"},"canonical":"https:\/\/brazilianculture.art\/es\/","og_locale":"es_ES","og_type":"article","og_title":"BrasilianCulture.Art","og_description":"Explorando o Brasil atrav\u00e9s da arte, cultura, turismo e gastronomia!","og_url":"https:\/\/brazilianculture.art\/es\/","og_site_name":"BrazilianCulture.Art","article_publisher":"https:\/\/www.facebook.com\/profile.php?id=100090895031360","article_modified_time":"2024-03-08T23:04:40+00:00","og_image":[{"url":"https:\/\/brazilianculture.art\/wp-content\/uploads\/2023\/04\/Brazilian-culture-.art-2-300x300.png","type":"","width":"","height":""}],"twitter_card":"summary_large_image","schema":{"@context":"https:\/\/schema.org","@graph":[{"@type":"WebPage","@id":"https:\/\/brazilianculture.art\/es\/","url":"https:\/\/brazilianculture.art\/es\/","name":"Home - BrazilianCulture.Art","isPartOf":{"@id":"https:\/\/brazilianculture.art\/es\/#website"},"datePublished":"2022-08-08T21:29:59+00:00","dateModified":"2024-03-08T23:04:40+00:00","description":"Explorando o Brasil atrav\u00e9s da arte, cultura, turismo e gastronomia!","breadcrumb":{"@id":"https:\/\/brazilianculture.art\/es\/#breadcrumb"},"inLanguage":"es","potentialAction":[{"@type":"ReadAction","target":["https:\/\/brazilianculture.art\/es\/"]}]},{"@type":"BreadcrumbList","@id":"https:\/\/brazilianculture.art\/es\/#breadcrumb","itemListElement":[{"@type":"ListItem","position":1,"name":"Startseite","item":"https:\/\/brazilianculture.art\/es\/home\/"},{"@type":"ListItem","position":2,"name":"Home"}]},{"@type":"WebSite","@id":"https:\/\/brazilianculture.art\/es\/#website","url":"https:\/\/brazilianculture.art\/es\/","name":"BrazilianCulture.Art","description":"Feel the Planet Brazil","publisher":{"@id":"https:\/\/brazilianculture.art\/es\/#organization"},"potentialAction":[{"@type":"SearchAction","target":{"@type":"EntryPoint","urlTemplate":"https:\/\/brazilianculture.art\/es\/?s={search_term_string}"},"query-input":{"@type":"PropertyValueSpecification","valueRequired":true,"valueName":"search_term_string"}}],"inLanguage":"es"},{"@type":"Organization","@id":"https:\/\/brazilianculture.art\/es\/#organization","name":"BrazilianCulture.Art","url":"https:\/\/brazilianculture.art\/es\/","logo":{"@type":"ImageObject","inLanguage":"es","@id":"https:\/\/brazilianculture.art\/es\/#\/schema\/logo\/image\/","url":"https:\/\/brazilianculture.art\/wp-content\/uploads\/2023\/04\/Brazilian-culture-.art-2.png","contentUrl":"https:\/\/brazilianculture.art\/wp-content\/uploads\/2023\/04\/Brazilian-culture-.art-2.png","width":1080,"height":1080,"caption":"BrazilianCulture.Art"},"image":{"@id":"https:\/\/brazilianculture.art\/es\/#\/schema\/logo\/image\/"},"sameAs":["https:\/\/www.facebook.com\/profile.php?id=100090895031360","https:\/\/www.instagram.com\/brazilianculture.art\/"]}]}},"_links":{"self":[{"href":"https:\/\/brazilianculture.art\/es\/wp-json\/wp\/v2\/pages\/3145","targetHints":{"allow":["GET"]}}],"collection":[{"href":"https:\/\/brazilianculture.art\/es\/wp-json\/wp\/v2\/pages"}],"about":[{"href":"https:\/\/brazilianculture.art\/es\/wp-json\/wp\/v2\/types\/page"}],"author":[{"embeddable":true,"href":"https:\/\/brazilianculture.art\/es\/wp-json\/wp\/v2\/users\/1"}],"replies":[{"embeddable":true,"href":"https:\/\/brazilianculture.art\/es\/wp-json\/wp\/v2\/comments?post=3145"}],"version-history":[{"count":9,"href":"https:\/\/brazilianculture.art\/es\/wp-json\/wp\/v2\/pages\/3145\/revisions"}],"predecessor-version":[{"id":3480,"href":"https:\/\/brazilianculture.art\/es\/wp-json\/wp\/v2\/pages\/3145\/revisions\/3480"}],"wp:attachment":[{"href":"https:\/\/brazilianculture.art\/es\/wp-json\/wp\/v2\/media?parent=3145"}],"curies":[{"name":"wp","href":"https:\/\/api.w.org\/{rel}","templated":true}]}}